{"id":190,"date":"2020-05-15T12:38:31","date_gmt":"2020-05-15T10:38:31","guid":{"rendered":"http:\/\/kirche-eldingen.de\/?page_id=190"},"modified":"2025-08-28T13:36:47","modified_gmt":"2025-08-28T11:36:47","slug":"impressum","status":"publish","type":"page","link":"http:\/\/kirche-eldingen.de\/?page_id=190","title":{"rendered":"Impressum"},"content":{"rendered":"\n<h3 class=\"wp-block-heading\" id=\"Impressum\">Impressum<\/h3>\n\n\n\n<p>Die Evangelisch-lutherische Kirchengemeinde Eldingen-Hohnhorst geh\u00f6rt der <a rel=\"noreferrer noopener\" href=\"http:\/\/www.kirche-celle.de\/\" target=\"_blank\">Evangelisch-lutherische Kirchenkreis Celle<\/a> an.<\/p>\n\n\n\n<h4 class=\"wp-block-heading\" id=\"diensteanbieter-gem\u00e4\u00df-\u00a7-5-tmg\">Diensteanbieter gem\u00e4\u00df \u00a7 5 TMG<\/h4>\n\n\n\n<p>Andreas Neumann<\/p>\n\n\n\n<p>Bahnhofstra\u00dfe 1<br>29351 Eldingen <\/p>\n\n\n\n<p>Tel.: 05148 98 93 20<br>E-Mail: <a href=\"https:\/\/www.landeskirche-hannovers.de\/evlka-de\/meta\/kontakt\/koppermann\">kg.eldingen@evlka.de<\/a><\/p>\n\n\n\n<p><\/p>\n\n\n\n<h4 class=\"wp-block-heading\">Verantwortliche\/r f\u00fcr redaktionelle Inhalte gem\u00e4\u00df \u00a7 55 RStV<\/h4>\n\n\n\n<p>Anne Tostmann <\/p>\n\n\n\n<p>Bahnhofstra\u00dfe 1<br>29351 Eldingen <\/p>\n\n\n\n<p>Tel.: 05148 98 93 20<br>E-Mail: <a href=\"https:\/\/www.landeskirche-hannovers.de\/evlka-de\/meta\/kontakt\/koppermann\">kg.eldingen@evlka.de<\/a><\/p>\n\n\n\n<h3 class=\"wp-block-heading\" id=\"Haftungsausschluss\">Haftungsausschluss<\/h3>\n\n\n\n<h4 class=\"wp-block-heading\">1. Inhalt des Onlineangebotes<\/h4>\n\n\n\n<p>Unsere Inhalte sind sorgf\u00e4ltig recherchiert und erstellt. Dennoch k\u00f6nnen wir keinerlei Gew\u00e4hr f\u00fcr die Aktualit\u00e4t, Korrektheit oder Vollst\u00e4ndigkeit der bereitgestellten Informationen \u00fcbernehmen. Haftungsanspr\u00fcche gegen die oben aufgef\u00fchrte Kirchengemeinde oder Einrichtung, welche sich auf Sch\u00e4den materieller oder ideeller Art beziehen, die durch die Nutzung oder Nichtnutzung der dargebotenen Informationen bzw. durch die Nutzung fehlerhafter und unvollst\u00e4ndiger Informationen verursacht wurden sind grunds\u00e4tzlich ausgeschlossen, sofern seitens der Kirchengemeinde oder Einrichtung kein nachweislich vors\u00e4tzliches oder grob fahrl\u00e4ssiges Verschulden vorliegt. Alle Angebote sind freibleibend und unverbindlich. Die Kirchengemeinde oder Einrichtung beh\u00e4lt es sich ausdr\u00fccklich vor, Teile der Seiten oder das gesamte Angebot ohne gesonderte Ank\u00fcndigung zu ver\u00e4ndern, zu erg\u00e4nzen, zu l\u00f6schen oder die Ver\u00f6ffentlichung zeitweise oder endg\u00fcltig einzustellen.<\/p>\n\n\n\n<h4 class=\"wp-block-heading\">2. Verweise und Links<\/h4>\n\n\n\n<p>Die oben aufgef\u00fchrte Kirchengemeinde oder Einrichtung ist nur f\u00fcr die &#8222;eigenen Inhalte&#8220;, also f\u00fcr diesen Internetauftritt, nach den allgemeinen Gesetzen verantwortlich.<\/p>\n\n\n\n<p>Von diesen eigenen Inhalten sind Verweise (&#8222;Links&#8220;) zu anderen Webauftritten zu unterscheiden. Durch diese Links halten wir &#8222;fremde Inhalte&#8220; zur Nutzung bereit. Zum Zeitpunkt der Verlinkung haben wir den &#8222;fremden Inhalt&#8220; der verlinkten Seiten daraufhin \u00fcberpr\u00fcft, dass durch ihn keine m\u00f6gliche zivilrechtliche oder strafrechtliche Verantwortlichkeit ausgel\u00f6st wird.<\/p>\n\n\n\n<p>Wir k\u00f6nnen jedoch nicht st\u00e4ndig die Links auf unseren Seiten auf Ver\u00e4nderungen, die eine Verantwortlichkeit neu begr\u00fcnden k\u00f6nnten, kontrollieren. Wenn Sie den Eindruck haben, dass ein Link in unserem Webauftritt zu fremden Internetseiten mit rechtswidrigem oder strafrechtlichem Inhalt f\u00fchrt, geben Sie uns bitte Bescheid, damit wir diesen Link pr\u00fcfen und gegebenenfalls entfernen k\u00f6nnen.<\/p>\n\n\n\n<h4 class=\"wp-block-heading\">3. Urheber- und Kennzeichenrecht<\/h4>\n\n\n\n<p>Die oben aufgef\u00fchrte Kirchengemeinde oder Einrichtung ist bestrebt, in allen Publikationen die Urheberrechte der verwendeten Grafiken, Tondokumente, Videosequenzen und Texte zu beachten, von ihr selbst erstellte Grafiken, Tondokumente, Videosequenzen und Texte zu nutzen oder auf lizenzfreie Grafiken, Tondokumente, Videosequenzen und Texte zur\u00fcckzugreifen. Alle innerhalb des Internetangebotes genannten und ggf. durch Dritte gesch\u00fctzten Marken- und Warenzeichen unterliegen uneingeschr\u00e4nkt den Bestimmungen des jeweils g\u00fcltigen Kennzeichenrechts und den Besitzrechten der jeweiligen eingetragenen Eigent\u00fcmer. Allein aufgrund der blo\u00dfen Nennung ist nicht der Schluss zu ziehen, dass Markenzeichen nicht durch Rechte Dritter gesch\u00fctzt sind! Das Copyright f\u00fcr ver\u00f6ffentlichte,&nbsp;von der Kirchengemeinde&nbsp;oder Einrichtung selbst erstellte Objekte bleibt allein bei den Autoren der Seiten. Eine Vervielf\u00e4ltigung oder Verwendung solcher Grafiken, Tondokumente, Videosequenzen und Texte in anderen elektronischen oder gedruckten Publikationen ist ohne ausdr\u00fcckliche Zustimmung der oben aufgef\u00fchrten Kirchengemeinde&nbsp;oder Einrichtung nicht gestattet.<\/p>\n\n\n\n<h4 class=\"wp-block-heading\">4. Rechtswirksamkeit dieses Haftungsausschlusses<\/h4>\n\n\n\n<p>Dieser Haftungsausschluss ist als Teil des Internetangebotes zu betrachten, von dem aus auf diese Seite verwiesen wurde. Sofern Teile oder einzelne Formulierungen dieses Textes der geltenden Rechtslage nicht, nicht mehr oder nicht vollst\u00e4ndig entsprechen sollten, bleiben die \u00fcbrigen Teile des Dokumentes in ihrem Inhalt und ihrer G\u00fcltigkeit davon unber\u00fchrt.<\/p>\n\n\n\n<h3 class=\"wp-block-heading\" id=\"Datenschutzerklaerung\">Datenschutzerkl\u00e4rung<\/h3>\n\n\n\n<h4 class=\"wp-block-heading\">1. Allgemeine Informationen<\/h4>\n\n\n\n<h5 class=\"wp-block-heading\">1.1 Einleitung<\/h5>\n\n\n\n<p>Wir freuen uns \u00fcber Ihren Besuch auf unserer Internetseite und dem Interesse an der kirchlichen Arbeit. Gem\u00e4\u00df \u00a7 13 Abs. 1 Telemediengesetz (TMG) in Verbindung mit dem Datenschutzgesetz der Evangelischen Kirche in Deutschland (DSG-EKD) informieren wir Sie \u00fcber die Art, den Umfang und den Zweck der auf unserer Internetseite erhobenen personenbezogenen Daten. Personenbezogene Daten sind alle Angaben zu einer bestimmten oder durch diese Daten bestimmbaren nat\u00fcrlichen Person, wie z.B. Name, Anschrift, E-Mail, Telefonnummer.<\/p>\n\n\n\n<p>Wir verwenden ihre Daten ausschlie\u00dflich im Rahmen des Kirchengesetzes \u00fcber den Datenschutz der Evangelischen Kirche in Deutschland (DSG-EKD), das die Vorgaben der Datenschutzgrundverordnung der Europ\u00e4ischen Union (DSGVO) im den Bereich der evangelischen Kirchen umsetzt. Zur Einhaltung dieser Vorschriften haben wir umfangreiche technische und organisatorische Ma\u00dfnahmen getroffen, um die Sicherheit ihrer Daten zu gew\u00e4hrleisten.<\/p>\n\n\n\n<h5 class=\"wp-block-heading\">1.2 Verantwortliche kirchliche Stelle<\/h5>\n\n\n\n<p>Verantwortliche Stelle f\u00fcr die Verarbeitung Ihrer personenbezogenen Daten ist:<\/p>\n\n\n\n<p>Agentur f\u00fcr Datenschutz<br>Karoline Tancredi (externe Beraterin im Datenschutzrecht)<\/p>\n\n\n\n<p>Am Urnenfeld 11<br>29339 Wathlingen<\/p>\n\n\n\n<p><a href=\"mailto:Karoline.Tancredi@agenturfuerdatenschutz.de\">Karoline.Tancredi@agenturfuerdatenschutz.de<\/a><\/p>\n\n\n\n<p>Mobil: 0176 87858879<\/p>\n\n\n\n<h5 class=\"wp-block-heading\">1.3 \u00d6rtlicher Datenschutzbeauftragter<\/h5>\n\n\n\n<p>Sollten Sie zu den in unserer Datenschutzerkl\u00e4rung dargestellten Ma\u00dfnahmen noch Fragen haben, so k\u00f6nnen Sie sich an unseren \u00f6rtlichen Datenschutzbeauftragten wenden. Die Kontaktdaten des \u00f6rtlichen Datenschutzbeauftragten finden Sie unter Impressum.<\/p>\n\n\n\n<h4 class=\"wp-block-heading\">2. Verarbeitung Ihrer personenbezogenen Daten beim Besuch unserer Internetseite<\/h4>\n\n\n\n<p>Grunds\u00e4tzlich k\u00f6nnen Sie unsere Seiten nutzen, ohne uns mitzuteilen, wer Sie sind. Aus technischen Gr\u00fcnden und aus Gr\u00fcnden der Datensicherheit, sowie zur Optimierung unserer Online-Angebote, verarbeiten wir jedoch Ihre IP-Adresse, den Namen Ihres Internet-Providers, die Internetseite von der Sie uns besuchen, den genutzten Browsertyp, das verwendete Betriebssystem und die Seiten die Sie bei uns ausw\u00e4hlen, sowie das Datum und die Uhrzeit Ihres Zugriffs. Wir nutzen diese Informationen ausschlie\u00dflich f\u00fcr systemrelevante und statistische Zwecke, die grunds\u00e4tzlich in anonymisierter Form erfolgen, so dass R\u00fcckschl\u00fcsse auf Ihre Person nicht m\u00f6glich sind.<\/p>\n\n\n\n<p>F\u00fcr die Nutzung einzelner Angebote (z.B. Cookies) k\u00f6nnen sich hiervon Abweichungen ergeben, die weiter untern gesondert erl\u00e4utert werden.<\/p>\n\n\n\n<p>In diesem Zusammenhang weisen wir insbesondere darauf hin, dass die Daten\u00fcbertragung im Internet immer auch Sicherheitsl\u00fccken aufweist, so dass ein l\u00fcckenloser Schutz vor Zugriffe Dritter nicht m\u00f6glich ist.<\/p>\n\n\n\n<h4 class=\"wp-block-heading\">3. Verwendung von Cookies und Tracking<\/h4>\n\n\n\n<h5 class=\"wp-block-heading\">3.1 Cookies<\/h5>\n\n\n\n<p>Wir verwenden auf unseren Seiten sogenannte Cookies. Das sind kleine Textdateien, die auf Ihrem Endger\u00e4t gespeichert werden und uns eine Analyse der Nutzung unserer Seiten erm\u00f6glichen. Die durch die Cookies erzeugten Informationen verwenden wir, um unsere Seiten f\u00fcr Sie als Nutzer attraktiver zu gestalten und um bestimmte Funktionen unserer Seiten zu gew\u00e4hrleisten. Einige von uns verwendete Cookies werden direkt nach Ihrem Besuch unserer Seiten wieder gel\u00f6scht (sog. Session-Cookies). Andere erm\u00f6glichen es uns, Sie bei sp\u00e4teren Besuchen auf unseren Seiten wiederzuerkennen (sog. Persistente Cookies).<\/p>\n\n\n\n<p>Sie k\u00f6nnen die Installation von Cookies durch eine entsprechende Einstellung im Browser verhindern, oder sich durch die Browser-Software vor dem Setzen eines Cookie informieren lassen. Bei Letzterem k\u00f6nnen Sie individuell entscheiden, ob ein Cookie gesetzt werden darf oder nicht. Wir weisen jedoch darauf hin, wenn Sie das Setzen von Cookies generell nicht akzeptieren, kann die Funktionalit\u00e4t unserer Seiten eingeschr\u00e4nkt sein.<\/p>\n\n\n\n<h4 class=\"wp-block-heading\">4. Freiwillige Bereitstellung personenbezogener Daten<\/h4>\n\n\n\n<h5 class=\"wp-block-heading\">4.1 Kontaktm\u00f6glichkeiten<\/h5>\n\n\n\n<p>Unsere Seiten bieten Ihnen die M\u00f6glichkeit direkt per E-Mail und \/ oder \u00fcber ein Kontaktformular mit uns in Verbindung zu treten. Stellen Sie uns Ihre personenbezogenen Daten zum Zweck der Kontaktaufnahme zur Verf\u00fcgung, verarbeiten wir Ihre Daten ausschlie\u00dflich f\u00fcr die Korrespondenz mit Ihnen. Eine Weitergabe an Dritte erfolgt nicht.<\/p>\n\n\n\n<h4 class=\"wp-block-heading\">5. Auskunft\/Widerruf\/Berichtigung\/L\u00f6schung<\/h4>\n\n\n\n<p>Sie k\u00f6nnen sich aufgrund des Kirchengesetzes \u00fcber den Datenschutz der Evangelischen Kirche in Deutschland (DSG-EKD) bei Fragen zur Erhebung, Verarbeitung oder Nutzung Ihrer personenbezogenen Daten und deren Berichtigung, Sperrung, L\u00f6schung oder einem Widerruf einer erteilten Einwilligung unentgeltlich an uns wenden. Wir weisen ebenfalls darauf hin, dass Ihnen ein Recht auf Berichtigung falscher Daten oder L\u00f6schung personenbezogener Daten zusteht, sollte diesem Anspruch keine gesetzliche Aufbewahrungspflicht entgegenstehen.<\/p>\n\n\n\n<p>Zur Aus\u00fcbung Ihrer Rechte wenden Sie sich bitte an die im Impressum unter \u201eRedaktionelle Verantwortung\u201c angegebenen E-Mail oder postalische Adresse.<\/p>\n\n\n\n<h4 class=\"wp-block-heading\">6. Beschwerderecht<\/h4>\n\n\n\n<p>Wenn Sie der Ansicht sind, dass die Verarbeitung Ihrer personenbezogenen Daten rechtswidrig erfolgt, k\u00f6nnen Sie sich jederzeit an die f\u00fcr uns zust\u00e4ndige Aufsichtsbeh\u00f6rde unter folgenden Kontaktdaten wenden:<\/p>\n\n\n\n<p>Der Beauftragte f\u00fcr den Datenschutz der Evangelischen Kirche in Deutschland Dienststelle BfD EKD,B\u00f6ttcherstra\u00dfe 7, 30419 Hannover, Tel.: 0049(0)511-169335-0<\/p>\n","protected":false},"excerpt":{"rendered":"<p>Impressum Die Evangelisch-lutherische Kirchengemeinde Eldingen-Hohnhorst geh\u00f6rt der Evangelisch-lutherische Kirchenkreis Celle an. Diensteanbieter gem\u00e4\u00df \u00a7 5 TMG Andreas Neumann Bahnhofstra\u00dfe 129351 Eldingen Tel.: 05148 98 93 20E-Mail: kg.eldingen@evlka.de Verantwortliche\/r f\u00fcr redaktionelle Inhalte gem\u00e4\u00df \u00a7 55 RStV Anne Tostmann Bahnhofstra\u00dfe 129351 Eldingen Tel.: 05148 98 93 20E-Mail: kg.eldingen@evlka.de Haftungsausschluss 1. Inhalt des Onlineangebotes Unsere Inhalte sind sorgf\u00e4ltig [&hellip;]<\/p>\n","protected":false},"author":1,"featured_media":0,"parent":0,"menu_order":0,"comment_status":"closed","ping_status":"closed","template":"","meta":{"footnotes":""},"class_list":["post-190","page","type-page","status-publish","hentry"],"_links":{"self":[{"href":"http:\/\/kirche-eldingen.de\/index.php?rest_route=\/wp\/v2\/pages\/190","targetHints":{"allow":["GET"]}}],"collection":[{"href":"http:\/\/kirche-eldingen.de\/index.php?rest_route=\/wp\/v2\/pages"}],"about":[{"href":"http:\/\/kirche-eldingen.de\/index.php?rest_route=\/wp\/v2\/types\/page"}],"author":[{"embeddable":true,"href":"http:\/\/kirche-eldingen.de\/index.php?rest_route=\/wp\/v2\/users\/1"}],"replies":[{"embeddable":true,"href":"http:\/\/kirche-eldingen.de\/index.php?rest_route=%2Fwp%2Fv2%2Fcomments&post=190"}],"version-history":[{"count":7,"href":"http:\/\/kirche-eldingen.de\/index.php?rest_route=\/wp\/v2\/pages\/190\/revisions"}],"predecessor-version":[{"id":1029,"href":"http:\/\/kirche-eldingen.de\/index.php?rest_route=\/wp\/v2\/pages\/190\/revisions\/1029"}],"wp:attachment":[{"href":"http:\/\/kirche-eldingen.de\/index.php?rest_route=%2Fwp%2Fv2%2Fmedia&parent=190"}],"curies":[{"name":"wp","href":"https:\/\/api.w.org\/{rel}","templated":true}]}}